{"id":25633,"date":"2015-09-24T13:03:32","date_gmt":"2015-09-24T12:03:32","guid":{"rendered":"https:\/\/casasinhaus.com\/casas-prefabricadas-fotos\/"},"modified":"2019-04-25T10:28:55","modified_gmt":"2019-04-25T09:28:55","slug":"casas-prefabricadas-fotos","status":"publish","type":"page","link":"https:\/\/casasinhaus.com\/fr\/casas-prefabricadas-fotos\/","title":{"rendered":"Galerie d&#8217;images"},"content":{"rendered":"[vc_row][vc_column][vc_separator color=&#8221;&#8221; thickness=&#8221;0&#8243;][\/vc_column][\/vc_row][vc_row][vc_column width=&#8221;2\/3&#8243;][vc_row_inner][vc_column_inner width=&#8221;2\/3&#8243;][vc_single_image image=&#8221;29379&#8243; style=&#8221;rounded&#8221;][vc_column_text]\n<h4 style=\"text-align: left;\"><a href=\"https:\/\/casasinhaus.com\/fr\/galeria-de-imagenes-modelo-godella-en-mallorca\/\"><strong>\u2191 Mod\u00e8le Godella \u00e0\u00a0Mayorque<\/strong><\/a><\/h4>\n[\/vc_column_text][vc_column_text]\n<h4>Sur la merveilleuse \u00eele de Mayorque, se trouve le mod\u00e8le Estepona enti\u00e8rement personnalis\u00e9 pour nos clients.<br \/>\nUn endroit privil\u00e9gi\u00e9, calme et plein de lumi\u00e8re pour profiter pleinement de son habitat.<\/h4>\n<h4><\/h4>\n[\/vc_column_text][\/vc_column_inner][vc_column_inner width=&#8221;1\/3&#8243;][vc_single_image image=&#8221;28393&#8243; style=&#8221;rounded&#8221;][vc_column_text]\n<h4 style=\"text-align: left;\"><a href=\"https:\/\/casasinhaus.com\/fr\/galeria-de-imagenes-espacios-a-doble-altura\/\"><strong>\u2191 Espaces en double hauteur<\/strong><\/a><\/h4>\n[\/vc_column_text][vc_column_text]\n<h4>La qualit\u00e9 des espaces est pour nous essentielle, le syst\u00e8me constructif EMOHA con\u00e7u par inHAUS r\u00e9pond \u00e0 cette exigence et permet par exemple des espaces en double hauteur.<\/h4>\n[\/vc_column_text][\/vc_column_inner][\/vc_row_inner][vc_row_inner][vc_column_inner]<hr  class=\"noo-gap\" >[vc_column_text]\n<h3>Dans cette galerie, nous vous montrons quelques exemples de nos r\u00e9alisations. De v\u00e9ritables projets &#8220;cl\u00e9 en main&#8221;, voulez-vous en voir plus?<\/h3>\n<h4><\/h4>\n[\/vc_column_text][\/vc_column_inner][\/vc_row_inner][\/vc_column][vc_column width=&#8221;1\/3&#8243;][vc_row_inner][vc_column_inner][vc_single_image image=&#8221;29886&#8243; style=&#8221;rounded&#8221;][vc_column_text]\n<h4 style=\"text-align: left;\"><a href=\"https:\/\/casasinhaus.com\/fr\/galeria-de-imagenes-modelo-a-medida-en-valencia\/\"><strong>\u2191 Mod\u00e8le Personnalis\u00e9 \u00e0 Valencia<\/strong><\/a><\/h4>\n[\/vc_column_text][vc_column_text]\n<h4>Tonalit\u00e9s douces et naturelles qui s\u2019adapte parfaitement \u00e0 la lumi\u00e8re m\u00e9diterran\u00e9enne.<br \/>\nUne maison qui cache \u00e0 l\u2019int\u00e9rieur de grands espaces et des d\u00e9tails astucieux adapt\u00e9s \u00e0 nos clients.<\/h4>\n[\/vc_column_text][\/vc_column_inner][\/vc_row_inner][\/vc_column][\/vc_row][vc_row][vc_column][vc_separator color=&#8221;&#8221; thickness=&#8221;0&#8243;][\/vc_column][\/vc_row][vc_row][vc_column width=&#8221;1\/3&#8243;][vc_row_inner][vc_column_inner][vc_single_image image=&#8221;15772&#8243; style=&#8221;rounded&#8221;][vc_column_text]\n<h4 style=\"text-align: left;\"><a href=\"http:\/\/casasinhaus.com\/galeria-de-imagenes-modelo-estepona-en-mallorca\/\"><strong>\u2191 Mod\u00e8le Estepona \u00e0\u00a0Mayorque<\/strong><\/a><\/h4>\n[\/vc_column_text][vc_column_text]\n<h4>Sur la merveilleuse \u00eele de Mayorque, se trouve le mod\u00e8le Estepona enti\u00e8rement personnalis\u00e9 pour nos clients.<br \/>\nUn endroit privil\u00e9gi\u00e9, calme et plein de lumi\u00e8re pour profiter pleinement de son habitat.<\/h4>\n<h4><\/h4>\n[\/vc_column_text]<hr  class=\"noo-gap\" style=\" margin: 200px 0 0 0;\">[\/vc_column_inner][\/vc_row_inner][\/vc_column][vc_column width=&#8221;2\/3&#8243;][vc_row_inner][vc_column_inner][vc_single_image image=&#8221;15808&#8243; style=&#8221;rounded&#8221;][vc_column_text]\n<h4 style=\"text-align: left;\"><a href=\"http:\/\/casasinhaus.com\/galeria-imagenes-modelo-pedralbes-barcelona\/\"><strong>\u2191 Mod\u00e8le Pedralbes \u00e0 Barcelone<\/strong><\/a><\/h4>\n[\/vc_column_text][vc_column_text]\n<h4>Le mod\u00e8le Pedralbes, un de nos mod\u00e8les pr\u00e9f\u00e9r\u00e9s, enti\u00e8rement personnalis\u00e9 pour nos clients dans un environnement exceptionnel \u00e0 l&#8217;int\u00e9rieur de la province de Barcelone.<\/h4>\n<h4>Deux \u00e9tages qui comprennent des doubles hauteurs, des finitions et des d\u00e9tails de conception. Une maison \u00e0 appr\u00e9cier \u00e0 l&#8217;int\u00e9rieur comme \u00e0 l&#8217;ext\u00e9rieur.<\/h4>\n[\/vc_column_text][\/vc_column_inner][\/vc_row_inner][\/vc_column][\/vc_row][vc_row][vc_column width=&#8221;1\/2&#8243;][vc_single_image image=&#8221;13757&#8243; onclick=&#8221;custom_link&#8221; style=&#8221;rounded&#8221; link=&#8221;http:\/\/bit.ly\/galeriamanacoribiza&#8221;][vc_column_text]\n<h4 style=\"text-align: left;\"><a href=\"http:\/\/bit.ly\/galeriamanacoribiza\"><strong>\u2191 Mod\u00e8le Manacor \u00e0 Ibiza<\/strong><\/a><\/h4>\n[\/vc_column_text][vc_column_text]\n<h4>Situ\u00e9 dans la plus grande des \u00eeles Pitiusa, dans un environnement calme de contemplation et de d\u00e9tente, loin de l&#8217;agitation, face \u00e0 la mer M\u00e9diterran\u00e9e et entour\u00e9 de pins parasols.<\/h4>\n<h4>Dans cette maison l&#8217;\u00e9quilibre et l&#8217;harmonie coexistent main dans la main.<\/h4>\n[\/vc_column_text][\/vc_column][vc_column width=&#8221;1\/4&#8243;][vc_single_image image=&#8221;13929&#8243; onclick=&#8221;custom_link&#8221; style=&#8221;rounded&#8221; link=&#8221;http:\/\/casasinhaus.com\/galeria-de-imagenes-modelo-chipiona\/&#8221; alt=&#8221;Mod\u00e8le Chipiona&#8221;][vc_column_text]\n<h4 style=\"text-align: left;\"><a href=\"http:\/\/bit.ly\/galeriarivastarragona\"><strong>\u2191 Mod\u00e8le Rivas \u00e0 Tarragone<\/strong><\/a><\/h4>\n[\/vc_column_text][vc_column_text]\n<h4>Cette maison spectaculaire \u00e0 deux \u00e9tages est situ\u00e9e dans la province de Tarragone et dispose d&#8217;un int\u00e9rieur \u00e0 la hauteur de son ext\u00e9rieur.<br \/>\nPartant d&#8217;une parcelle allong\u00e9e, la maison s&#8217;y adapte et en tire le meilleur parti.<\/h4>\n[\/vc_column_text][\/vc_column][vc_column width=&#8221;1\/4&#8243;][vc_row_inner][vc_column_inner offset=&#8221;vc_hidden-md vc_hidden-sm vc_hidden-xs&#8221;][vc_single_image image=&#8221;14916&#8243; onclick=&#8221;custom_link&#8221; style=&#8221;rounded&#8221; link=&#8221;http:\/\/casasinhaus.com\/galeria-de-imagenes-modelo-chipiona\/&#8221; alt=&#8221;Mod\u00e8le Chipiona&#8221;][vc_column_text]\n<h4 style=\"text-align: left;\"><a href=\"http:\/\/casasinhaus.com\/galeria-modelo-getafe-en-madrid\/\"><strong>\u2191 Mod\u00e8le Getafe \u00e0 Madrid<\/strong><\/a><\/h4>\n[\/vc_column_text][vc_column_text]\n<h4>Le mod\u00e8le Getafe a une capacit\u00e9 d&#8217;adaptation infinie. Dans ce cas, nous pouvons le voir dans la Sierra Madrile\u00f1a avec laquelle vous dialoguez de personne \u00e0 personne.<\/h4>\n[\/vc_column_text][vc_separator color=&#8221;&#8221; thickness=&#8221;0&#8243;][vc_separator color=&#8221;&#8221; thickness=&#8221;0&#8243;][vc_separator color=&#8221;&#8221; thickness=&#8221;0&#8243;][vc_column_text]\n<h3 style=\"text-align: right;\"><em>&#8220;Nous mat\u00e9rialisons les espaces que nos clients appelleront, leur logis.&#8221;<\/em><\/h3>\n[\/vc_column_text][\/vc_column_inner][\/vc_row_inner][\/vc_column][\/vc_row][vc_row][vc_column][vc_separator color=&#8221;&#8221; thickness=&#8221;0&#8243;][\/vc_column][\/vc_row][vc_row][vc_column width=&#8221;1\/4&#8243;][vc_single_image image=&#8221;14969&#8243; onclick=&#8221;custom_link&#8221; style=&#8221;rounded&#8221; link=&#8221;http:\/\/casasinhaus.com\/galeria-modelo-a-medida-valencia-casas-inhaus\/&#8221;][vc_column_text]\n<h4 style=\"text-align: left;\"><a href=\"http:\/\/casasinhaus.com\/galeria-modelo-a-medida-valencia-casas-inhaus\/\"><strong>\u2191 Mod\u00e8le sur mesure \u00e0 Valence<\/strong><\/a><\/h4>\n[\/vc_column_text][vc_column_text]\n<h4>L&#8217;\u00e9quipe de Maisons modulaires inHAUS r\u00e9pond \u00e0 vos besoins au millim\u00e8tre.<br \/>\nDans ce cas, un terrain en pente et une longue liste de souhaits comme guide ont \u00e9t\u00e9 le point de d\u00e9part pour cette maison spectaculaire situ\u00e9e dans les environs de Valence.<\/h4>\n[\/vc_column_text][\/vc_column][vc_column width=&#8221;1\/4&#8243;][vc_single_image image=&#8221;13599&#8243; onclick=&#8221;custom_link&#8221; style=&#8221;rounded&#8221; link=&#8221;http:\/\/casasinhaus.com\/galeria-imagenes-getafe-valencia&#8221;][vc_column_text]\n<h4><a href=\"http:\/\/casasinhaus.com\/galeria-banos\/\">Salles de bain<\/a><\/h4>\n[\/vc_column_text][\/vc_column][vc_column width=&#8221;1\/2&#8243; alignment=&#8221;right&#8221;][vc_single_image image=&#8221;14459&#8243; onclick=&#8221;custom_link&#8221; style=&#8221;rounded&#8221; link=&#8221;http:\/\/casasinhaus.com\/galeria-imagenes-getafe-valencia&#8221; alt=&#8221;modelo getafe&#8221;][vc_column_text]\n<h4 style=\"text-align: left;\"><a href=\"http:\/\/casasinhaus.com\/galeria-imagenes-getafe-valencia\"><strong>\u2191 Mod\u00e8le Getafe&#8217;17 \u00e0 Valence<\/strong><\/a><\/h4>\n[\/vc_column_text][vc_column_text]\n<h4 style=\"text-align: left;\">Notre mod\u00e8le Getafe, affectueusement surnomm\u00e9 &#8220;la parfaite&#8221;, r\u00e9pond aux exigences pour s&#8217;int\u00e9grer dans le contexte d&#8217;une urbanisation \u00e0 la p\u00e9riph\u00e9rie de Valence.<br \/>\nAtmosph\u00e8re m\u00e9diterran\u00e9enne r\u00e9v\u00e9l\u00e9e \u00e0 travers la couleur blanche et le mur en pierre \u00e0 l&#8217;int\u00e9rieur et \u00e0 l&#8217;ext\u00e9rieur.<\/h4>\n[\/vc_column_text][\/vc_column][\/vc_row][vc_row][vc_column][vc_separator color=&#8221;&#8221; thickness=&#8221;0&#8243;][\/vc_column][\/vc_row][vc_row][vc_column width=&#8221;1\/2&#8243;][vc_single_image image=&#8221;14526&#8243; onclick=&#8221;custom_link&#8221; style=&#8221;rounded&#8221; link=&#8221;http:\/\/casasinhaus.com\/galeria-terminadas-formentor-barcelona\/&#8221; alt=&#8221;modelo getafe&#8221;][vc_column_text]\n<h4 style=\"text-align: left;\"><a href=\"http:\/\/casasinhaus.com\/galeria-terminadas-formentor-barcelona\/\"><strong>\u2191 Mod\u00e8le Formentor \u00e0 Barcelone<\/strong><\/a><\/h4>\n[\/vc_column_text][vc_column_text]\n<h4>Nous nous rendons dans l&#8217;une des villes c\u00f4ti\u00e8res les plus importantes de la province de Barcelone avec notre mod\u00e8le Formentor.<br \/>\nUne maison d&#8217;une volum\u00e9trie impressionnante qui met en valeur le paysage qui l&#8217;entoure encore d&#8217;avantage.<\/h4>\n[\/vc_column_text][\/vc_column][vc_column width=&#8221;1\/2&#8243;][vc_row_inner][vc_column_inner width=&#8221;1\/3&#8243; offset=&#8221;vc_hidden-md vc_hidden-sm vc_hidden-xs&#8221;]<hr  class=\"noo-gap hidden-xs\" style=\" margin: 725px 0 0 0;\">[vc_column_text]\n<h3 style=\"text-align: right;\"><em>&#8220;Nous travaillons dans des environnements qui font vivre nos maisons.&#8221;<\/em><\/h3>\n[\/vc_column_text][\/vc_column_inner][vc_column_inner width=&#8221;2\/3&#8243;][vc_single_image image=&#8221;15619&#8243; onclick=&#8221;custom_link&#8221; style=&#8221;rounded&#8221; link=&#8221;http:\/\/casasinhaus.com\/galeria-casas-terminadas-modelo-algeciras-en-barcelona\/&#8221; alt=&#8221;modelo getafe&#8221;][vc_column_text]\n<h4><strong><a href=\"http:\/\/casasinhaus.com\/galeria-casas-terminadas-modelo-algeciras-en-barcelona\/\">\u2191Mod\u00e8le Algeciras \u00e0 Barcelone<\/a><\/strong><\/h4>\n[\/vc_column_text][vc_column_text]\n<h4>Prenez de la distance pour profiter de la vue et de la vie.<br \/>\nPrendre conscience de l&#8217;environnement pour r\u00e9cup\u00e9rer de la force.<br \/>\nUne maison design qui sert de lieu de repos et de rencontre \u00e0 ses occupants.<\/h4>\n[\/vc_column_text][\/vc_column_inner][\/vc_row_inner][\/vc_column][\/vc_row][vc_row][vc_column][vc_separator color=&#8221;&#8221; thickness=&#8221;0&#8243;][\/vc_column][\/vc_row][vc_row][vc_column width=&#8221;1\/2&#8243;][vc_row_inner][vc_column_inner width=&#8221;1\/2&#8243; offset=&#8221;vc_hidden-md vc_hidden-sm vc_hidden-xs&#8221;]<hr  class=\"noo-gap hidden-xs\" style=\" margin: 300px 0 0 0;\">[\/vc_column_inner][vc_column_inner width=&#8221;1\/2&#8243;][vc_single_image image=&#8221;13603&#8243; onclick=&#8221;custom_link&#8221; style=&#8221;rounded&#8221; link=&#8221;http:\/\/casasinhaus.com\/galeria-cocinas\/&#8221; alt=&#8221;modelo getafe&#8221;][vc_column_text]\n<h4><a href=\"http:\/\/casasinhaus.com\/galeria-cocinas\/\">Cuisines<\/a><\/h4>\n[\/vc_column_text][\/vc_column_inner][\/vc_row_inner][vc_column_text]\n<h4 style=\"text-align: left;\">Avec un contr\u00f4le exhaustif de l&#8217;ensemble du processus de r\u00e9alisation de votre maison.<br \/>\nDes exigences \u00e9lev\u00e9es vis-\u00e0-vis de nos fournisseurs et tous les agents impliqu\u00e9s dans le d\u00e9veloppement de la conception, la fabrication et la mise en \u0153uvre de votre maison.<\/h4>\n[\/vc_column_text][\/vc_column][vc_column width=&#8221;1\/4&#8243;][vc_single_image image=&#8221;13943&#8243; onclick=&#8221;custom_link&#8221; style=&#8221;rounded&#8221; link=&#8221;http:\/\/casasinhaus.com\/cocinas-viviendas-terminadas\/&#8221;][vc_column_text]\n<h4><a href=\"http:\/\/bit.ly\/galeriapiscinas\">Picines<\/a><\/h4>\n[\/vc_column_text][\/vc_column][vc_column width=&#8221;1\/4&#8243;][vc_single_image image=&#8221;13936&#8243; onclick=&#8221;custom_link&#8221; style=&#8221;rounded&#8221; link=&#8221;http:\/\/casasinhaus.com\/instalacion-de-modulos-de-casas-prefabricadas\/&#8221;][vc_column_text]\n<h4 style=\"text-align: left;\"><a href=\"http:\/\/casasinhaus.com\/casas-modulares-volando\/\">Maisons et porte-\u00e0-faux<\/a><\/h4>\n[\/vc_column_text][\/vc_column][\/vc_row][vc_row][vc_column][vc_separator color=&#8221;&#8221; thickness=&#8221;0&#8243;][\/vc_column][\/vc_row][vc_row][vc_column width=&#8221;2\/3&#8243;][vc_single_image image=&#8221;13569&#8243; onclick=&#8221;custom_link&#8221; style=&#8221;rounded&#8221; link=&#8221;http:\/\/casasinhaus.com\/galeria-de-imagenes-modelo-chipiona\/&#8221; alt=&#8221;Modelo Chipiona&#8221;][vc_column_text]\n<h4 style=\"text-align: left;\"><strong><a href=\"http:\/\/casasinhaus.com\/galeria-imagenes-motril-valencia\/\">\u2191 Mod\u00e8le Motril adapt\u00e9e \u00e0 Valence<\/a><\/strong><\/h4>\n[\/vc_column_text][vc_column_text]\n<h4>Dans les magnifiques environs du potager de Valence, nous trouvons cette fantastique maison modulaire.<br \/>\n\u00c0 partir d&#8217;un \u00e9tage en forme de &#8220;L&#8221; inspir\u00e9 de notre mod\u00e8le Motril, elle s&#8217;adapte aux besoins d&#8217;un contexte particulier.<\/h4>\n[\/vc_column_text][\/vc_column][vc_column width=&#8221;1\/3&#8243;][vc_single_image image=&#8221;13933&#8243; onclick=&#8221;custom_link&#8221; style=&#8221;rounded&#8221; link=&#8221;http:\/\/casasinhaus.com\/casa-prefabricada-de-la-luz-modelo-cugat-de-casas-inhaus\/&#8221;][vc_column_text]\n<h4 style=\"text-align: left;\"><strong><a href=\"http:\/\/casasinhaus.com\/casa-prefabricada-de-la-luz-modelo-cugat-de-casas-inhaus\/\">\u2191 Mod\u00e8le Sant Cugat \u00e0 Barcelone<\/a><\/strong><\/h4>\n[\/vc_column_text][vc_column_text]\n<h4>Ce mod\u00e8le de maison \u00e0 deux \u00e9tages est compos\u00e9 d&#8217;un volume compact qui, associ\u00e9 \u00e0 la mat\u00e9rialit\u00e9 de la fa\u00e7ade, donne \u00e0 la maison un caract\u00e8re fort.<\/h4>\n[\/vc_column_text][\/vc_column][\/vc_row][vc_row][vc_column width=&#8221;1\/2&#8243;][vc_row_inner][vc_column_inner width=&#8221;2\/3&#8243; offset=&#8221;vc_hidden-md vc_hidden-sm vc_hidden-xs&#8221;][vc_single_image image=&#8221;24794&#8243; onclick=&#8221;custom_link&#8221; style=&#8221;rounded&#8221; link=&#8221;http:\/\/casasinhaus.com\/cocinas-viviendas-terminadas\/&#8221;][vc_column_text]\n<h4 style=\"text-align: left;\"><strong><a href=\"\/?page_id=24792\">\u2191Mod\u00e8le Llanes \u00e0 Valence<\/a><\/strong><\/h4>\n[\/vc_column_text][vc_column_text]\n<h4>Une maison design avec une richesse spatiale et une pi\u00e8ce de jour qui ravira ses futurs locataires.<\/h4>\n[\/vc_column_text][\/vc_column_inner][vc_column_inner width=&#8221;1\/3&#8243;][\/vc_column_inner][\/vc_row_inner][vc_row_inner][vc_column_inner offset=&#8221;vc_hidden-md vc_hidden-sm vc_hidden-xs&#8221;]<hr  class=\"noo-gap hidden-xs\" style=\" margin: 55px 0 0 0;\">[\/vc_column_inner][\/vc_row_inner][vc_column_text]\n<h3 style=\"text-align: right;\"><em>&#8220;Maisons dans lesquelles chaque centim\u00e8tre compte, tout est pens\u00e9 dans les moindres d\u00e9tails.&#8221;<\/em><\/h3>\n[\/vc_column_text]<hr  class=\"noo-gap hidden-xs\" style=\" margin: 55px 0 0 0;\">[\/vc_column][vc_column width=&#8221;1\/2&#8243;][vc_single_image image=&#8221;14714&#8243; onclick=&#8221;custom_link&#8221; style=&#8221;rounded&#8221; link=&#8221;http:\/\/casasinhaus.com\/cocinas-viviendas-terminadas\/&#8221;][vc_column_text]\n<h4 style=\"text-align: left;\"><strong><a href=\"http:\/\/casasinhaus.com\/modelo-chipiona-en-valencia\/\">\u2191Mod\u00e8le Chipiona \u00e0 Valence<\/a><\/strong><\/h4>\n[\/vc_column_text][vc_column_text]\n<h4>En entrant dans la province de Valence, nous trouvons notre mod\u00e8le Chipiona.<\/h4>\n[\/vc_column_text][\/vc_column][\/vc_row][vc_row][vc_column width=&#8221;1\/3&#8243;][vc_single_image image=&#8221;13643&#8243; onclick=&#8221;custom_link&#8221; style=&#8221;rounded&#8221; link=&#8221;http:\/\/casasinhaus.com\/cocinas-viviendas-terminadas\/&#8221;][vc_column_text]\n<h4><a href=\"http:\/\/bit.ly\/galeriainHAUSdeco\"><strong>inHAUS<em>d\u00e9co<\/em><\/strong><\/a><\/h4>\n[\/vc_column_text][vc_column_text]\n<h4>Notre \u00e9quipe de professionnels inHAUSd\u00e9co vous conseillera sur la d\u00e9cision des rev\u00eatements de cuisine, et de toutes les finitions pour votre maison.<\/h4>\n[\/vc_column_text][\/vc_column][vc_column width=&#8221;1\/3&#8243;][vc_row_inner][vc_column_inner offset=&#8221;vc_hidden-md vc_hidden-sm vc_hidden-xs&#8221;]<hr  class=\"noo-gap hidden-xs\" style=\" margin: 700px 0 0 0;\">[\/vc_column_inner][\/vc_row_inner][vc_column_text]\n<h3 style=\"text-align: right;\"><em>&#8220;Travailler avec les besoins et les exigences de nos clients \u00e0 tout moment de la commande.&#8221;<\/em><\/h3>\n[\/vc_column_text][\/vc_column][vc_column width=&#8221;1\/3&#8243;][vc_single_image image=&#8221;14023&#8243; onclick=&#8221;custom_link&#8221; style=&#8221;rounded&#8221; link=&#8221;http:\/\/casasinhaus.com\/cocinas-viviendas-terminadas\/&#8221;][vc_column_text]\n<h4 style=\"text-align: left;\"><a href=\"http:\/\/casasinhaus.com\/escaleras-viviendas-terminadas\/\">Escaliers<\/a><\/h4>\n[\/vc_column_text][\/vc_column][\/vc_row][vc_row][vc_column][vc_separator color=&#8221;&#8221; thickness=&#8221;0&#8243;][\/vc_column][\/vc_row][vc_row][vc_column width=&#8221;1\/2&#8243;][vc_single_image image=&#8221;13932&#8243; onclick=&#8221;custom_link&#8221; style=&#8221;rounded&#8221; link=&#8221;http:\/\/casasinhaus.com\/galeria-de-imagenes-modelo-getafe\/&#8221;][vc_column_text]\n<h4 style=\"text-align: left;\"><a href=\"http:\/\/casasinhaus.com\/galeria-de-imagenes-modelo-getafe\/\"><strong>\u2191 Mod\u00e8le Getafe \u00e0 Valencia<\/strong><\/a><\/h4>\n[\/vc_column_text][vc_column_text]\n<h4>Cette maison modulaire de deux \u00e9tages exprime la force et la p\u00e9rennit\u00e9.<br \/>\nSur\u00e9lev\u00e9 par rapport au terrain, le porche arri\u00e8re est l&#8217;endroit id\u00e9al pour profiter des vues de notre jardin.<\/h4>\n[\/vc_column_text][\/vc_column][vc_column width=&#8221;1\/4&#8243;][vc_single_image image=&#8221;14547&#8243; onclick=&#8221;custom_link&#8221; style=&#8221;rounded&#8221; link=&#8221;http:\/\/casasinhaus.com\/cocinas-viviendas-terminadas\/&#8221;][vc_column_text]\n<h4 style=\"text-align: left;\"><a href=\"http:\/\/casasinhaus.com\/fachadas-viviendas-terminadas\/\">Fa\u00e7ades Modernes<\/a><\/h4>\n[\/vc_column_text][\/vc_column][vc_column width=&#8221;1\/4&#8243;][vc_row_inner][vc_column_inner offset=&#8221;vc_hidden-md vc_hidden-sm vc_hidden-xs&#8221;]<hr  class=\"noo-gap hidden-xs\" style=\" margin: 975px 0 0 0;\">[\/vc_column_inner][\/vc_row_inner][vc_column_text]\n<h4>Nous d\u00e9veloppons les logements de nos clients de mani\u00e8re int\u00e9grale, du moment o\u00f9 ils nous contactent jusqu&#8217;\u00e0 ce que nous leur donnions les cl\u00e9s de leur maison: un vrai travail cl\u00e9 en main.<br \/>\nChaque d\u00e9tail est d\u00e9velopp\u00e9 pour r\u00e9pondre aux exigences les plus \u00e9lev\u00e9es en mati\u00e8re de design et de qualit\u00e9.<\/h4>\n[\/vc_column_text][\/vc_column][\/vc_row][vc_row][vc_column][vc_separator color=&#8221;&#8221; thickness=&#8221;0&#8243;][\/vc_column][\/vc_row][vc_row][vc_column width=&#8221;1\/4&#8243;][vc_single_image image=&#8221;14033&#8243; onclick=&#8221;custom_link&#8221; style=&#8221;rounded&#8221; link=&#8221;http:\/\/casasinhaus.com\/cocinas-viviendas-terminadas\/&#8221;][vc_column_text]\n<h4 style=\"text-align: left;\"><a href=\"http:\/\/casasinhaus.com\/salones-viviendas-terminadas\/\">Salons<\/a><\/h4>\n[\/vc_column_text][\/vc_column][vc_column width=&#8221;1\/4&#8243;][vc_single_image image=&#8221;13941&#8243; onclick=&#8221;custom_link&#8221; style=&#8221;rounded&#8221; link=&#8221;http:\/\/casasinhaus.com\/cocinas-viviendas-terminadas\/&#8221;][vc_column_text]\n<h4 style=\"text-align: left;\"><a href=\"http:\/\/casasinhaus.com\/dormitorios-viviendas-terminadas\/\">Dormitorios<\/a><\/h4>\n[\/vc_column_text][\/vc_column][vc_column width=&#8221;1\/2&#8243;][vc_row_inner][vc_column_inner offset=&#8221;vc_hidden-md vc_hidden-sm vc_hidden-xs&#8221;]<hr  class=\"noo-gap hidden-xs\" style=\" margin: 250px 0 0 0;\">[\/vc_column_inner][\/vc_row_inner][vc_column_text]\n<h3 style=\"text-align: right;\"><em>&#8220;Estancias dise\u00f1adas con mimo hasta el m\u00e1s m\u00ednimo detalle.&#8221;<\/em><\/h3>\n[\/vc_column_text][\/vc_column][\/vc_row][vc_row][vc_column][vc_separator color=&#8221;&#8221; thickness=&#8221;0&#8243;][\/vc_column][\/vc_row][vc_row][vc_column width=&#8221;1\/4&#8243;][\/vc_column][vc_column width=&#8221;1\/4&#8243;]<hr  class=\"noo-gap hidden-xs\" style=\" margin: 245px 0 0 0;\">[vc_single_image image=&#8221;13845&#8243; style=&#8221;rounded&#8221; custom_style=&#8221; width: 100%;&#8221;][vc_column_text]\n<h4><a href=\"http:\/\/casasinhaus.com\/galeria-de-imagenes-modelo-chipiona\/\"><strong>\u2191 Mod\u00e8le Chipiona \u00e0 Valence<\/strong><\/a><\/h4>\n[\/vc_column_text][vc_column_text]\n<h4>Une maison en rez-de-chauss\u00e9e avec une inspiration tr\u00e8s m\u00e9diterran\u00e9enne. Les murs blancs ainsi que les murs en pierre donnent un sentiment de vacances toute l&#8217;ann\u00e9e.<\/h4>\n[\/vc_column_text][\/vc_column][vc_column width=&#8221;1\/2&#8243;][vc_single_image image=&#8221;15141&#8243; onclick=&#8221;custom_link&#8221; style=&#8221;rounded&#8221; link=&#8221;http:\/\/casasinhaus.com\/casas-prefabricadas-cadiz-barcelona\/&#8221;][vc_column_text]\n<h4><strong><a href=\"http:\/\/casasinhaus.com\/casas-prefabricadas-cadiz-barcelona\/\">\u2191Mod\u00e8le C\u00e1diz \u00e0 Barcelone<\/a><\/strong><\/h4>\n[\/vc_column_text][vc_column_text]\n<h4>Les maisons pr\u00e9fabriqu\u00e9es inHAUS sont pleines de qualit\u00e9 malgr\u00e9 leur surface confin\u00e9e.<br \/>\nPour cette raison, notre mod\u00e8le de Cadiz a \u00e9t\u00e9 la solution parfaite pour cette famille d&#8217;une population de la province de Barcelone.<\/h4>\n[\/vc_column_text][\/vc_column][\/vc_row][vc_row][vc_column][vc_separator color=&#8221;&#8221; thickness=&#8221;0&#8243;][\/vc_column][\/vc_row][vc_row][vc_column width=&#8221;1\/4&#8243;][vc_single_image image=&#8221;14038&#8243; onclick=&#8221;custom_link&#8221; style=&#8221;rounded&#8221; link=&#8221;http:\/\/casasinhaus.com\/cocinas-viviendas-terminadas\/&#8221;][vc_column_text]\n<h4 style=\"text-align: left;\"><a href=\"http:\/\/casasinhaus.com\/galeria-de-imagenes-fabricacion\/\">Fabrication<\/a><\/h4>\n[\/vc_column_text][\/vc_column][vc_column width=&#8221;1\/4&#8243;][vc_single_image image=&#8221;13935&#8243; onclick=&#8221;custom_link&#8221; style=&#8221;rounded&#8221; link=&#8221;http:\/\/casasinhaus.com\/cocinas-viviendas-terminadas\/&#8221;][vc_column_text]\n<h4 style=\"text-align: left;\"><a href=\"http:\/\/casasinhaus.com\/galeria-de-imagenes-implantacion\/\">Implantation<\/a><\/h4>\n[\/vc_column_text][\/vc_column][vc_column width=&#8221;1\/4&#8243;][\/vc_column][vc_column width=&#8221;1\/4&#8243;][\/vc_column][\/vc_row]\n","protected":false},"excerpt":{"rendered":"<p>[vc_row][vc_column][vc_separator color=&#8221;&#8221; thickness=&#8221;0&#8243;][\/vc_column][\/vc_row][vc_row][vc_column width=&#8221;2\/3&#8243;][vc_row_inner][vc_column_inner width=&#8221;2\/3&#8243;][vc_single_image image=&#8221;29379&#8243; style=&#8221;rounded&#8221;][vc_column_text] \u2191 Mod\u00e8le Godella \u00e0\u00a0Mayorque [\/vc_column_text][vc_column_text] Sur la merveilleuse \u00eele de Mayorque, se trouve le mod\u00e8le Estepona enti\u00e8rement personnalis\u00e9 pour nos clients. Un endroit privil\u00e9gi\u00e9, calme et plein de lumi\u00e8re pour profiter pleinement de son habitat. [\/vc_column_text][\/vc_column_inner][vc_column_inner width=&#8221;1\/3&#8243;][vc_single_image image=&#8221;28393&#8243; style=&#8221;rounded&#8221;][vc_column_text] \u2191 Espaces en double hauteur [\/vc_column_text][vc_column_text] La qualit\u00e9 des espaces est pour nous essentielle,&#8230;<\/p>\n<div><a href=\"https:\/\/casasinhaus.com\/fr\/casas-prefabricadas-fotos\/\" class=\"read-more\">Read More <i class=\"fa fa-arrow-right\"><\/i><\/a><\/div>\n","protected":false},"author":1983,"featured_media":0,"parent":0,"menu_order":872,"comment_status":"closed","ping_status":"closed","template":"page-full-width.php","meta":[],"yoast_head":"<!-- This site is optimized with the Yoast SEO plugin v15.1.1 - https:\/\/yoast.com\/wordpress\/plugins\/seo\/ -->\n<meta name=\"description\" content=\"La galeria de im\u00e1genes de casas inHAUS tiene todas las fotos de casas prefabricadas, fotos reales de proyectos terminados, inspirate para la tuya\" \/>\n<meta name=\"robots\" content=\"index, follow, max-snippet:-1, max-image-preview:large, max-video-preview:-1\" \/>\n<link rel=\"canonical\" href=\"https:\/\/casasinhaus.com\/fr\/casas-prefabricadas-fotos\/\" \/>\n<meta property=\"og:locale\" content=\"fr_FR\" \/>\n<meta property=\"og:type\" content=\"article\" \/>\n<meta property=\"og:title\" content=\"Fotos de nuestras casas prefabricadas\" \/>\n<meta property=\"og:description\" content=\"La galeria de im\u00e1genes de casas inHAUS tiene todas las fotos de casas prefabricadas, fotos reales de proyectos terminados, inspirate para la tuya\" \/>\n<meta property=\"og:url\" content=\"https:\/\/casasinhaus.com\/fr\/casas-prefabricadas-fotos\/\" \/>\n<meta property=\"og:site_name\" content=\"inHAUS\" \/>\n<meta property=\"article:publisher\" content=\"https:\/\/www.facebook.com\/casasmodularesinhaus\" \/>\n<meta property=\"article:modified_time\" content=\"2019-04-25T09:28:55+00:00\" \/>\n<meta name=\"twitter:card\" content=\"summary\" \/>\n<meta name=\"twitter:creator\" content=\"@casasinhaus\" \/>\n<meta name=\"twitter:site\" content=\"@casasinhaus\" \/>\n<script type=\"application\/ld+json\" class=\"yoast-schema-graph\">{\"@context\":\"https:\/\/schema.org\",\"@graph\":[{\"@type\":\"WebSite\",\"@id\":\"https:\/\/casasinhaus.com\/fr\/#website\",\"url\":\"https:\/\/casasinhaus.com\/fr\/\",\"name\":\"inHAUS\",\"description\":\"construcci\\u00f3n de casas de dise\\u00f1o moderno modular, prefabricado y de obra.\",\"potentialAction\":[{\"@type\":\"SearchAction\",\"target\":\"https:\/\/casasinhaus.com\/fr\/?s={search_term_string}\",\"query-input\":\"required name=search_term_string\"}],\"inLanguage\":\"fr-FR\"},{\"@type\":\"WebPage\",\"@id\":\"https:\/\/casasinhaus.com\/fr\/casas-prefabricadas-fotos\/#webpage\",\"url\":\"https:\/\/casasinhaus.com\/fr\/casas-prefabricadas-fotos\/\",\"name\":\"Fotos de nuestras casas prefabricadas\",\"isPartOf\":{\"@id\":\"https:\/\/casasinhaus.com\/fr\/#website\"},\"datePublished\":\"2015-09-24T12:03:32+00:00\",\"dateModified\":\"2019-04-25T09:28:55+00:00\",\"description\":\"La galeria de im\\u00e1genes de casas inHAUS tiene todas las fotos de casas prefabricadas, fotos reales de proyectos terminados, inspirate para la tuya\",\"inLanguage\":\"fr-FR\",\"potentialAction\":[{\"@type\":\"ReadAction\",\"target\":[\"https:\/\/casasinhaus.com\/fr\/casas-prefabricadas-fotos\/\"]}]}]}<\/script>\n<!-- \/ Yoast SEO plugin. -->","_links":{"self":[{"href":"https:\/\/casasinhaus.com\/fr\/wp-json\/wp\/v2\/pages\/25633"}],"collection":[{"href":"https:\/\/casasinhaus.com\/fr\/wp-json\/wp\/v2\/pages"}],"about":[{"href":"https:\/\/casasinhaus.com\/fr\/wp-json\/wp\/v2\/types\/page"}],"author":[{"embeddable":true,"href":"https:\/\/casasinhaus.com\/fr\/wp-json\/wp\/v2\/users\/1983"}],"replies":[{"embeddable":true,"href":"https:\/\/casasinhaus.com\/fr\/wp-json\/wp\/v2\/comments?post=25633"}],"version-history":[{"count":10,"href":"https:\/\/casasinhaus.com\/fr\/wp-json\/wp\/v2\/pages\/25633\/revisions"}],"predecessor-version":[{"id":30064,"href":"https:\/\/casasinhaus.com\/fr\/wp-json\/wp\/v2\/pages\/25633\/revisions\/30064"}],"wp:attachment":[{"href":"https:\/\/casasinhaus.com\/fr\/wp-json\/wp\/v2\/media?parent=25633"}],"curies":[{"name":"wp","href":"https:\/\/api.w.org\/{rel}","templated":true}]}}