{"id":31522,"date":"2016-06-22T17:11:15","date_gmt":"2016-06-22T16:11:15","guid":{"rendered":"https:\/\/casasinhaus.com\/galeria-de-imagenes-modelo-getafe\/"},"modified":"2016-06-22T17:11:15","modified_gmt":"2016-06-22T16:11:15","slug":"galeria-de-imagenes-modelo-getafe","status":"publish","type":"page","link":"https:\/\/casasinhaus.com\/fr\/galeria-de-imagenes-modelo-getafe\/","title":{"rendered":"Galer\u00eda de im\u00e1genes &#8211; Modelo casa prefabricada de hormig\u00f3n Getafe"},"content":{"rendered":"[vc_row][vc_column width=&#8221;1\/1&#8243;]<div id=\"noo-slider-1\" class=\"noo-slider top-indicators\" >\n  <ul class=\"sliders\">\n<li class=\"slide-item\" >\n<img class=\"slide-image\" alt=\"Precio casa modular todo incluido\" src=\"https:\/\/casasinhaus.com\/wp-content\/uploads\/2015\/09\/composicion-fachada-casas-inhaus.jpg\">\n<p class=\"slide-caption\">Combinaci\u00f3n de madera tecnol\u00f3gica y Viroc en los distintos planos de fachada<\/p>\n<\/li><li class=\"slide-item\" >\n<img class=\"slide-image\" alt=\"Precio casa modular todo incluido\" src=\"https:\/\/casasinhaus.com\/wp-content\/uploads\/2015\/09\/fachada-iluminada-modelo-getafe-casas-inhaus.jpg\">\n<p class=\"slide-caption\">Fachada moderna de alto dise\u00f1o minimalista. Combina porches, ventanales y distintos materiales como la cer\u00e1mica o la madera tecnol\u00f3gica.<\/p>\n<\/li><li class=\"slide-item\" >\n<img class=\"slide-image\" alt=\"Precio casa modular todo incluido\" src=\"https:\/\/casasinhaus.com\/wp-content\/uploads\/2015\/09\/isla-de-cocina-casa-getafe-casas-inhaus.jpg\">\n<p class=\"slide-caption\">Cocina DM lacado blanco con isla central. La isla contiene la zona de cocci\u00f3n y una zona de barra de desayuno en el lateral.<\/p>\n<\/li><li class=\"slide-item\" >\n<img class=\"slide-image\" alt=\"Precio casa modular todo incluido\" src=\"https:\/\/casasinhaus.com\/wp-content\/uploads\/2015\/09\/cocina-minimalista-casa-getafe-casas-inhaus.jpg\">\n<p class=\"slide-caption\">Cocina lacada blanca con tiradores inox mate. El acabado de la encimera en silestone contin\u00faa con las l\u00edneas depuradas de toda la vivienda<\/p>\n<\/li><li class=\"slide-item\" >\n<img class=\"slide-image\" alt=\"Precio casa modular todo incluido\" src=\"https:\/\/casasinhaus.com\/wp-content\/uploads\/2015\/09\/repeticion-bano-de-diseno-minimalista-casas-inhaus.jpg\">\n<p class=\"slide-caption\">Ba\u00f1o espacioso y con separaci\u00f3n de ambientes seg\u00fan su uso. Lavabo y sanitarios de porcelana y bancada de lavabo de obra.<\/p>\n<\/li><li class=\"slide-item\" >\n<img class=\"slide-image\" alt=\"Precio casa modular todo incluido\" src=\"https:\/\/casasinhaus.com\/wp-content\/uploads\/2015\/09\/dormitorio-principal-casa-getafe-casas-inhaus.jpg\">\n<p class=\"slide-caption\">Dormitorio luminoso con una amplia zona auxiliar de usos complementarios. El pavimento en cer\u00e1mico imitaci\u00f3n madera, rodapie DM lacado blanco, paredes lisas pintadas en blanco e iluminaci\u00f3n led empotrada.<\/p>\n<\/li>\n  <\/ul>\n  <div class=\"clearfix\"><\/div>\n\n  <div id=\"noo-slider-1-pagination\" class=\"slider-indicators\"><\/div>\n  <a id=\"noo-slider-1-prev\" class=\"slider-control prev-btn\" role=\"button\" href=\"#\"><span class=\"slider-icon-prev\"><\/span><\/a>\n  <a id=\"noo-slider-1-next\" class=\"slider-control next-btn\" role=\"button\" href=\"#\"><span class=\"slider-icon-next\"><\/span><\/a>\n<\/div>\n<script>\njQuery('document').ready(function ($) {\n  $('#noo-slider-1 .sliders').carouFredSel({\n    infinite: true,\n    circular: true,\n    responsive: true,\n    debug : false,\n    items: {\n      start: 0\n    },\n    scroll: {\n      items: 1,\n      duration: 600,\n      pauseOnHover: \"resume\",\n      fx: \"scroll\"\n    },\n    auto: {\n      timeoutDuration: 8000,\n\n      play: true\n    },\n    prev: {\n      button: \"#noo-slider-1-prev\"\n    },\n    next: {\n      button: \"#noo-slider-1-next\"\n    },\n    pagination: {\n      container: \"#noo-slider-1-pagination\"\n    },\n    swipe: {\n      onTouch: true,\n      onMouse: true\n    }\n  });\n});\n<\/script>[\/vc_column][\/vc_row]\n","protected":false},"excerpt":{"rendered":"<p>[vc_row][vc_column width=&#8221;1\/1&#8243;][\/vc_column][\/vc_row]<\/p>\n","protected":false},"author":4309,"featured_media":0,"parent":0,"menu_order":809,"comment_status":"open","ping_status":"open","template":"","meta":[],"yoast_head":"<!-- This site is optimized with the Yoast SEO plugin v15.1.1 - https:\/\/yoast.com\/wordpress\/plugins\/seo\/ -->\n<meta name=\"robots\" content=\"index, follow, max-snippet:-1, max-image-preview:large, max-video-preview:-1\" \/>\n<link rel=\"canonical\" href=\"https:\/\/casasinhaus.com\/fr\/galeria-de-imagenes-modelo-getafe\/\" \/>\n<meta property=\"og:locale\" content=\"fr_FR\" \/>\n<meta property=\"og:type\" content=\"article\" \/>\n<meta property=\"og:title\" content=\"Galer\u00eda de im\u00e1genes - Modelo casa prefabricada de hormig\u00f3n Getafe - inHAUS\" \/>\n<meta property=\"og:description\" content=\"[vc_row][vc_column width=&#8221;1\/1&#8243;][\/vc_column][\/vc_row]\" \/>\n<meta property=\"og:url\" content=\"https:\/\/casasinhaus.com\/fr\/galeria-de-imagenes-modelo-getafe\/\" \/>\n<meta property=\"og:site_name\" content=\"inHAUS\" \/>\n<meta property=\"article:publisher\" content=\"https:\/\/www.facebook.com\/casasmodularesinhaus\" \/>\n<meta name=\"twitter:card\" content=\"summary\" \/>\n<meta name=\"twitter:creator\" content=\"@casasinhaus\" \/>\n<meta name=\"twitter:site\" content=\"@casasinhaus\" \/>\n<script type=\"application\/ld+json\" class=\"yoast-schema-graph\">{\"@context\":\"https:\/\/schema.org\",\"@graph\":[{\"@type\":\"WebSite\",\"@id\":\"https:\/\/casasinhaus.com\/fr\/#website\",\"url\":\"https:\/\/casasinhaus.com\/fr\/\",\"name\":\"inHAUS\",\"description\":\"construcci\\u00f3n de casas de dise\\u00f1o moderno modular, prefabricado y de obra.\",\"potentialAction\":[{\"@type\":\"SearchAction\",\"target\":\"https:\/\/casasinhaus.com\/fr\/?s={search_term_string}\",\"query-input\":\"required name=search_term_string\"}],\"inLanguage\":\"fr-FR\"},{\"@type\":\"WebPage\",\"@id\":\"https:\/\/casasinhaus.com\/fr\/galeria-de-imagenes-modelo-getafe\/#webpage\",\"url\":\"https:\/\/casasinhaus.com\/fr\/galeria-de-imagenes-modelo-getafe\/\",\"name\":\"Galer\\u00eda de im\\u00e1genes - Modelo casa prefabricada de hormig\\u00f3n Getafe - inHAUS\",\"isPartOf\":{\"@id\":\"https:\/\/casasinhaus.com\/fr\/#website\"},\"datePublished\":\"2016-06-22T16:11:15+00:00\",\"dateModified\":\"2016-06-22T16:11:15+00:00\",\"inLanguage\":\"fr-FR\",\"potentialAction\":[{\"@type\":\"ReadAction\",\"target\":[\"https:\/\/casasinhaus.com\/fr\/galeria-de-imagenes-modelo-getafe\/\"]}]}]}<\/script>\n<!-- \/ Yoast SEO plugin. -->","_links":{"self":[{"href":"https:\/\/casasinhaus.com\/fr\/wp-json\/wp\/v2\/pages\/31522"}],"collection":[{"href":"https:\/\/casasinhaus.com\/fr\/wp-json\/wp\/v2\/pages"}],"about":[{"href":"https:\/\/casasinhaus.com\/fr\/wp-json\/wp\/v2\/types\/page"}],"author":[{"embeddable":true,"href":"https:\/\/casasinhaus.com\/fr\/wp-json\/wp\/v2\/users\/4309"}],"replies":[{"embeddable":true,"href":"https:\/\/casasinhaus.com\/fr\/wp-json\/wp\/v2\/comments?post=31522"}],"version-history":[{"count":0,"href":"https:\/\/casasinhaus.com\/fr\/wp-json\/wp\/v2\/pages\/31522\/revisions"}],"wp:attachment":[{"href":"https:\/\/casasinhaus.com\/fr\/wp-json\/wp\/v2\/media?parent=31522"}],"curies":[{"name":"wp","href":"https:\/\/api.w.org\/{rel}","templated":true}]}}