{"id":31614,"date":"2019-08-02T11:32:29","date_gmt":"2019-08-02T10:32:29","guid":{"rendered":"https:\/\/casasinhaus.com\/?page_id=31614"},"modified":"2019-08-02T19:42:46","modified_gmt":"2019-08-02T18:42:46","slug":"galerie-de-photos-modele-rivas-a-tarragone","status":"publish","type":"page","link":"https:\/\/casasinhaus.com\/fr\/galerie-de-photos-modele-rivas-a-tarragone\/","title":{"rendered":"Galerie de photos &#8211; Mod\u00e8le Rivas \u00e0 Tarragone"},"content":{"rendered":"[vc_row content_placement=&#8221;top&#8221; padding_top=&#8221;0&#8243;][vc_column width=&#8221;1\/3&#8243; alignment=&#8221;right&#8221;]<hr  class=\"noo-gap hidden-xs\" style=\" margin: 150px 0 0 0;\">[vc_column_text]\n<h2 style=\"text-align: right;\"><strong>MO\u00c8LE RIVAS <\/strong><br \/>\n<strong>\u00e0 Tarragone.<\/strong><\/h2>\n[\/vc_column_text]<hr  class=\"noo-gap hidden-xs\" style=\" margin: 350px 0 0 0;\">[vc_column_text]\n<h3 style=\"text-align: right;\">Villa spectaculaire, aussi belle \u00e0 l&#8217;int\u00e9rieur qu&#8217;\u00e0 l&#8217;ext\u00e9rieur.<\/h3>\n<h3 style=\"text-align: right;\">La maison s&#8217;est adapt\u00e9e et a tir\u00e9 le meilleur parti de cette parcelle tout en longueur.<\/h3>\n[\/vc_column_text][\/vc_column][vc_column width=&#8221;2\/3&#8243;][layerslider_vc id=&#8221;14&#8243;][\/vc_column][\/vc_row][vc_row padding_bottom=&#8221;10&#8243;][vc_column width=&#8221;2\/3&#8243;][vc_single_image image=&#8221;13517&#8243;][\/vc_column][vc_column width=&#8221;1\/3&#8243;][\/vc_column][\/vc_row][vc_row padding_bottom=&#8221;0&#8243;][vc_column][vc_separator color=&#8221;&#8221; thickness=&#8221;0&#8243; space_before=&#8221;10&#8243; space_after=&#8221;10&#8243;][\/vc_column][\/vc_row][vc_row][vc_column width=&#8221;1\/3&#8243;][vc_column_text]\n<h4>Gr\u00e2ce \u00e0 la disposition des zones de jour et de nuit au rez-de-chauss\u00e9e, l&#8217;\u00e9tage sup\u00e9rieur est devenu un espace priv\u00e9, un studio ind\u00e9pendant. L&#8217;espace au rez-de-chauss\u00e9e focalise sur la piscine alors que la grande terrasse de l&#8217;\u00e9tage permet d\u2019observer l\u2019horizon.<\/h4>\n[\/vc_column_text]<hr  class=\"noo-gap\" style=\" margin: 150px 0 0 0;\">[vc_column_text]\n<h4>Ce type de maison est id\u00e9ale pour d\u00e9velopper des loisirs au rez-de-chauss\u00e9e gr\u00e2ce \u00e0 un tr\u00e8s grand garage et permet de trouver de l&#8217;intimit\u00e9 et de l&#8217;isolement dans le studio lumineux au premier \u00e9tage.<\/h4>\n[\/vc_column_text][\/vc_column][vc_column width=&#8221;2\/3&#8243;][vc_single_image image=&#8221;13515&#8243;][\/vc_column][\/vc_row][vc_row][vc_column][vc_separator color=&#8221;&#8221; thickness=&#8221;0&#8243; space_before=&#8221;10&#8243; space_after=&#8221;10&#8243;][\/vc_column][\/vc_row][vc_row][vc_column][vc_single_image image=&#8221;13508&#8243;][\/vc_column][\/vc_row][vc_row content_placement=&#8221;top&#8221; padding_top=&#8221;0&#8243; padding_bottom=&#8221;0&#8243;][vc_column][vc_single_image image=&#8221;13784&#8243;][\/vc_column][\/vc_row][vc_row][vc_column][vc_column_text]\n<h3 style=\"text-align: right;\"><em>&#8221; Un logement spacieux qui a su tirer parti de la forme allong\u00e9e de la parcelle sans perdre de qualit\u00e9 spatiale ni \u00e0 l&#8217;int\u00e9rieur ni \u00e0 l&#8217;ext\u00e9rieur&#8221;<\/em><\/h3>\n[\/vc_column_text][vc_separator color=&#8221;&#8221; thickness=&#8221;0&#8243; space_before=&#8221;10&#8243; space_after=&#8221;10&#8243;][\/vc_column][\/vc_row][vc_row padding_top=&#8221;10&#8243;][vc_column width=&#8221;1\/3&#8243;][vc_column_text]\n<h4>Le mod\u00e8le Rivas du catalogue de Maisons modulaires inHAUS s&#8217;est adapt\u00e9 aux exigences sp\u00e9cifiques de nos clients.<\/h4>\n<h4>L&#8217;acc\u00e8s au logement se fait entre la zone diurne munie d&#8217;un salon spacieux avec vue directe sur la piscine et la zone nocturne des couchages. Dans la zone de jour, une grande cuisine maintient une relation visuelle et spatiale avec la salle \u00e0 manger, tout en disposant par ailleurs d\u2019un acc\u00e8s direct depuis la porte d&#8217;entr\u00e9e.<\/h4>\n[\/vc_column_text]<hr  class=\"noo-gap\" style=\" margin: 70px 0 0 0;\">[vc_column_text]\n<h3 style=\"text-align: right;\"><em>&#8220;Un design avec une grande flexibilit\u00e9 gr\u00e2ce \u00e0 sa possibilit\u00e9 d&#8217;expansion.&#8221;<\/em><\/h3>\n[\/vc_column_text][\/vc_column][vc_column width=&#8221;2\/3&#8243;][vc_single_image image=&#8221;13526&#8243;][\/vc_column][\/vc_row][vc_row][vc_column][vc_separator color=&#8221;&#8221; thickness=&#8221;0&#8243; space_before=&#8221;10&#8243; space_after=&#8221;10&#8243;][\/vc_column][\/vc_row][vc_row class=&#8221;slider_de_casas_terminadas&#8221;][vc_column width=&#8221;1\/3&#8243;][vc_single_image image=&#8221;13514&#8243;][\/vc_column][vc_column width=&#8221;2\/3&#8243;][vc_single_image image=&#8221;13785&#8243;][vc_column_text]\n<h4 style=\"text-align: right;\">Une cuisine tr\u00e8s ample apte \u00e0 recevoir des invit\u00e9s.<\/h4>\n[\/vc_column_text][\/vc_column][\/vc_row][vc_row class=&#8221;slider_de_casas_terminadas&#8221;][vc_column width=&#8221;1\/3&#8243;][vc_column_text]\n<h4>L&#8217;escalier m\u00e8ne \u00e0 un magnifique studio situ\u00e9 au premier \u00e9tage, qui comme \u00e9voqu\u00e9 pr\u00e9c\u00e9demment, offre une vue privil\u00e9gi\u00e9e sur le jardin et sur ses environs.<\/h4>\n[\/vc_column_text]<hr  class=\"noo-gap\" style=\" margin: 145px 0 0 0;\">[vc_column_text]\n<h4>Les menuiseries en PVC\u00a0gr\u00e2ce \u00e0 leur performance \u00e9nerg\u00e9tique \u00e9lev\u00e9e, permettent malgr\u00e9 leur grand format, de continuer \u00e0 \u00e9conomiser de l&#8217;\u00e9nergie.<\/h4>\n[\/vc_column_text][\/vc_column][vc_column width=&#8221;2\/3&#8243;][vc_single_image image=&#8221;13525&#8243;][\/vc_column][\/vc_row][vc_row][vc_column][vc_separator color=&#8221;&#8221; thickness=&#8221;0&#8243; space_before=&#8221;10&#8243; space_after=&#8221;10&#8243;][\/vc_column][\/vc_row][vc_row class=&#8221;slider_de_casas_terminadas&#8221;][vc_column width=&#8221;1\/3&#8243;][vc_single_image image=&#8221;13536&#8243;][\/vc_column][vc_column width=&#8221;2\/3&#8243;][vc_column_text]\n<h4>Au cours du processus de d\u00e9veloppement de cette maison, nos clients ont choisi de remplacer l\u2019une des chambres par une grande buanderie.<\/h4>\n[\/vc_column_text][vc_column_text]\n<h4>Nos clients ont b\u00e9n\u00e9fici\u00e9 de la plus haute qualit\u00e9 en chaque point du projet : les rev\u00eatements, les appareils sanitaires, les meubles de cuisine y compris les plans de travail , les appareils \u00e9lectrom\u00e9nagers, le syst\u00e8me de climatisation et de chauffage.<\/h4>\n<h4>Tout est con\u00e7u avec les meilleurs soins, et c&#8217;est visible d\u00e8s l&#8217;entr\u00e9e dans la maison.<\/h4>\n[\/vc_column_text][\/vc_column][\/vc_row][vc_row][vc_column][vc_separator color=&#8221;&#8221; thickness=&#8221;0&#8243; space_before=&#8221;10&#8243; space_after=&#8221;10&#8243;][\/vc_column][\/vc_row][vc_row][vc_column][vc_column_text]\n<h3>Voulez-vous visiter la maison avec nous ? Entrez, vous \u00eates invit\u00e9s &#8230;<\/h3>\n[\/vc_column_text][\/vc_column][\/vc_row][vc_row][vc_column][vc_column_text]\n<div class=\"arve-wrapper arve-hover-effect-zoom\" data-mode=\"lazyload-lightbox\" data-provider=\"youtube\" id=\"arve-t4paloMR4P0\" style=\"max-width:2500px;\" itemscope itemtype=\"http:\/\/schema.org\/VideoObject\"><span id=\"lity-arve-t4paloMR4P0\" class=\"arve-lity-container lity-hide\" style=\"width:1200px;height:675px;\"><span class=\"arve-lazyload\" data-allow=\"accelerometer; autoplay; encrypted-media; gyroscope; picture-in-picture\" data-allowfullscreen data-class=\"arve-iframe fitvidsignore\" data-frameborder=\"0\" data-name data-sandbox=\"allow-scripts allow-same-origin allow-presentation-to-escape-sandbox\" data-scrolling=\"no\" data-src=\"https:\/\/www.youtube-nocookie.com\/embed\/t4paloMR4P0?iv_load_policy=3&#038;modestbranding=1&#038;rel=0&#038;autohide=1&#038;playsinline=1&#038;autoplay=1\" data-width=\"480\" data-height=\"270\"><\/span><\/span><div class=\"arve-embed-container\" style=\"padding-bottom:56.250000%\"><meta itemprop=\"embedURL\" content=\"https:\/\/www.youtube-nocookie.com\/embed\/t4paloMR4P0?iv_load_policy=3&amp;modestbranding=1&amp;rel=0&amp;autohide=1&amp;playsinline=1&amp;autoplay=1\"><meta itemprop=\"uploadDate\" content=\"2019-08-02T11:32:29+00:00\"><img class=\"arve-thumbnail\" data-object-fit itemprop=\"thumbnailUrl\" src=\"https:\/\/i.ytimg.com\/vi\/t4paloMR4P0\/mqdefault.jpg\" srcset=\"https:\/\/i.ytimg.com\/vi\/t4paloMR4P0\/mqdefault.jpg 320w, https:\/\/i.ytimg.com\/vi\/t4paloMR4P0\/hqdefault.jpg 480w, https:\/\/i.ytimg.com\/vi\/t4paloMR4P0\/sddefault.jpg 640w, https:\/\/i.ytimg.com\/vi\/t4paloMR4P0\/maxresdefault.jpg 1280w\" sizes=\"(max-width: 640px) 100vw, 2500px\" alt=\"Video Thumbnail\"><meta itemprop=\"name\" content=\"Finalizaci\u00f3n casa prefabricada modelo Rivas en Tarragona\"><span itemprop=\"description\" class=\"arve-description arve-hidden\">[vc_row content_placement=&quot;top&quot; padding_top=&quot;0&quot;][vc_column width=&quot;1\/3&quot; alignment=&quot;right&quot;][vc_column_text] MO\u00c8LE RIVAS \u00e0 Tarragone. [\/vc_column_text][vc_column_text] Villa spectaculaire, aussi belle \u00e0 l&#039;int\u00e9rieur qu&#039;\u00e0 l&#039;ext\u00e9rieur. La maison s&#039;est adapt\u00e9e et a tir\u00e9 le meilleur parti de cette parcelle<\/span><button class=\"arve-play-btn arve-blay-btn-circle\" data-lity-target=\"#lity-arve-t4paloMR4P0\" data-lity type=\"button\"> <svg class='arve-play-svg' width='50' height='50' viewBox='0 0 50 50'> <circle class='arve-play-svg-circle-bg' fill='black' fill-opacity='0.4' cx='25' cy='25' r='25' \/> <path class='arve-play-svg-circle-fg' fill='white' fill-opacity='0.8' fill-rule='evenodd' d='M 25, 25 m -21, 0 a 21,21 0 1,0 42,0 a 21,21 0 1,0 -42,0 M19.5 15 v20 l15 -10z' \/> <\/svg><\/button><\/div><\/div>\n[\/vc_column_text][vc_column_text]\n<h3>Si vous voulez suivre l&#8217;actualit\u00e9 de casas inhaus, cliquez\u00a0<a href=\"http:\/\/casasinhaus.com\/casas-prefabricadas-fotos\/\">ici.<\/a><\/h3>\n[\/vc_column_text][\/vc_column][\/vc_row]\n","protected":false},"excerpt":{"rendered":"<p>[vc_row content_placement=&#8221;top&#8221; padding_top=&#8221;0&#8243;][vc_column width=&#8221;1\/3&#8243; alignment=&#8221;right&#8221;][vc_column_text] MO\u00c8LE RIVAS \u00e0 Tarragone. [\/vc_column_text][vc_column_text] Villa spectaculaire, aussi belle \u00e0 l&#8217;int\u00e9rieur qu&#8217;\u00e0 l&#8217;ext\u00e9rieur. La maison s&#8217;est adapt\u00e9e et a tir\u00e9 le meilleur parti de cette parcelle tout en longueur. [\/vc_column_text][\/vc_column][vc_column width=&#8221;2\/3&#8243;][layerslider_vc id=&#8221;14&#8243;][\/vc_column][\/vc_row][vc_row padding_bottom=&#8221;10&#8243;][vc_column width=&#8221;2\/3&#8243;][vc_single_image image=&#8221;13517&#8243;][\/vc_column][vc_column width=&#8221;1\/3&#8243;][\/vc_column][\/vc_row][vc_row padding_bottom=&#8221;0&#8243;][vc_column][vc_separator color=&#8221;&#8221; thickness=&#8221;0&#8243; space_before=&#8221;10&#8243; space_after=&#8221;10&#8243;][\/vc_column][\/vc_row][vc_row][vc_column width=&#8221;1\/3&#8243;][vc_column_text] Gr\u00e2ce \u00e0 la disposition des zones de jour et de nuit au rez-de-chauss\u00e9e,&#8230;<\/p>\n<div><a href=\"https:\/\/casasinhaus.com\/fr\/galerie-de-photos-modele-rivas-a-tarragone\/\" class=\"read-more\">Read More <i class=\"fa fa-arrow-right\"><\/i><\/a><\/div>\n","protected":false},"author":27549,"featured_media":0,"parent":0,"menu_order":627,"comment_status":"closed","ping_status":"closed","template":"","meta":[],"yoast_head":"<!-- This site is optimized with the Yoast SEO plugin v15.1.1 - https:\/\/yoast.com\/wordpress\/plugins\/seo\/ -->\n<meta name=\"robots\" content=\"index, follow, max-snippet:-1, max-image-preview:large, max-video-preview:-1\" \/>\n<link rel=\"canonical\" href=\"https:\/\/casasinhaus.com\/fr\/galerie-de-photos-modele-rivas-a-tarragone\/\" \/>\n<meta property=\"og:locale\" content=\"fr_FR\" \/>\n<meta property=\"og:type\" content=\"article\" \/>\n<meta property=\"og:title\" content=\"Galerie de photos - Mod\u00e8le Rivas \u00e0 Tarragone - inHAUS\" \/>\n<meta property=\"og:description\" content=\"[vc_row content_placement=&#8221;top&#8221; padding_top=&#8221;0&#8243;][vc_column width=&#8221;1\/3&#8243; alignment=&#8221;right&#8221;][vc_column_text] MO\u00c8LE RIVAS \u00e0 Tarragone. [\/vc_column_text][vc_column_text] Villa spectaculaire, aussi belle \u00e0 l&#8217;int\u00e9rieur qu&#8217;\u00e0 l&#8217;ext\u00e9rieur. La maison s&#8217;est adapt\u00e9e et a tir\u00e9 le meilleur parti de cette parcelle tout en longueur. [\/vc_column_text][\/vc_column][vc_column width=&#8221;2\/3&#8243;][layerslider_vc id=&#8221;14&#8243;][\/vc_column][\/vc_row][vc_row padding_bottom=&#8221;10&#8243;][vc_column width=&#8221;2\/3&#8243;][vc_single_image image=&#8221;13517&#8243;][\/vc_column][vc_column width=&#8221;1\/3&#8243;][\/vc_column][\/vc_row][vc_row padding_bottom=&#8221;0&#8243;][vc_column][vc_separator color=&#8221;&#8221; thickness=&#8221;0&#8243; space_before=&#8221;10&#8243; space_after=&#8221;10&#8243;][\/vc_column][\/vc_row][vc_row][vc_column width=&#8221;1\/3&#8243;][vc_column_text] Gr\u00e2ce \u00e0 la disposition des zones de jour et de nuit au rez-de-chauss\u00e9e,...Read More\" \/>\n<meta property=\"og:url\" content=\"https:\/\/casasinhaus.com\/fr\/galerie-de-photos-modele-rivas-a-tarragone\/\" \/>\n<meta property=\"og:site_name\" content=\"inHAUS\" \/>\n<meta property=\"article:publisher\" content=\"https:\/\/www.facebook.com\/casasmodularesinhaus\" \/>\n<meta property=\"article:modified_time\" content=\"2019-08-02T18:42:46+00:00\" \/>\n<meta name=\"twitter:card\" content=\"summary\" \/>\n<meta name=\"twitter:creator\" content=\"@casasinhaus\" \/>\n<meta name=\"twitter:site\" content=\"@casasinhaus\" \/>\n<script type=\"application\/ld+json\" class=\"yoast-schema-graph\">{\"@context\":\"https:\/\/schema.org\",\"@graph\":[{\"@type\":\"WebSite\",\"@id\":\"https:\/\/casasinhaus.com\/fr\/#website\",\"url\":\"https:\/\/casasinhaus.com\/fr\/\",\"name\":\"inHAUS\",\"description\":\"construcci\\u00f3n de casas de dise\\u00f1o moderno modular, prefabricado y de obra.\",\"potentialAction\":[{\"@type\":\"SearchAction\",\"target\":\"https:\/\/casasinhaus.com\/fr\/?s={search_term_string}\",\"query-input\":\"required name=search_term_string\"}],\"inLanguage\":\"fr-FR\"},{\"@type\":\"WebPage\",\"@id\":\"https:\/\/casasinhaus.com\/fr\/galerie-de-photos-modele-rivas-a-tarragone\/#webpage\",\"url\":\"https:\/\/casasinhaus.com\/fr\/galerie-de-photos-modele-rivas-a-tarragone\/\",\"name\":\"Galerie de photos - Mod\\u00e8le Rivas \\u00e0 Tarragone - inHAUS\",\"isPartOf\":{\"@id\":\"https:\/\/casasinhaus.com\/fr\/#website\"},\"datePublished\":\"2019-08-02T10:32:29+00:00\",\"dateModified\":\"2019-08-02T18:42:46+00:00\",\"inLanguage\":\"fr-FR\",\"potentialAction\":[{\"@type\":\"ReadAction\",\"target\":[\"https:\/\/casasinhaus.com\/fr\/galerie-de-photos-modele-rivas-a-tarragone\/\"]}]}]}<\/script>\n<!-- \/ Yoast SEO plugin. -->","_links":{"self":[{"href":"https:\/\/casasinhaus.com\/fr\/wp-json\/wp\/v2\/pages\/31614"}],"collection":[{"href":"https:\/\/casasinhaus.com\/fr\/wp-json\/wp\/v2\/pages"}],"about":[{"href":"https:\/\/casasinhaus.com\/fr\/wp-json\/wp\/v2\/types\/page"}],"author":[{"embeddable":true,"href":"https:\/\/casasinhaus.com\/fr\/wp-json\/wp\/v2\/users\/27549"}],"replies":[{"embeddable":true,"href":"https:\/\/casasinhaus.com\/fr\/wp-json\/wp\/v2\/comments?post=31614"}],"version-history":[{"count":6,"href":"https:\/\/casasinhaus.com\/fr\/wp-json\/wp\/v2\/pages\/31614\/revisions"}],"predecessor-version":[{"id":31631,"href":"https:\/\/casasinhaus.com\/fr\/wp-json\/wp\/v2\/pages\/31614\/revisions\/31631"}],"wp:attachment":[{"href":"https:\/\/casasinhaus.com\/fr\/wp-json\/wp\/v2\/media?parent=31614"}],"curies":[{"name":"wp","href":"https:\/\/api.w.org\/{rel}","templated":true}]}}